{"id":471,"date":"2025-06-05T08:17:19","date_gmt":"2025-06-05T06:17:19","guid":{"rendered":"https:\/\/nolabel.043test.nl\/?page_id=471"},"modified":"2026-01-22T18:07:53","modified_gmt":"2026-01-22T17:07:53","slug":"nolabel","status":"publish","type":"page","link":"https:\/\/nolabel.nu\/fr\/nolabel\/","title":{"rendered":"Nolabel"},"content":{"rendered":"<div data-elementor-type=\"wp-page\" data-elementor-id=\"471\" class=\"elementor elementor-471\" data-elementor-post-type=\"page\">\n\t\t\t\t<div class=\"elementor-element elementor-element-40ab1f78 e-flex e-con-boxed e-con e-parent\" data-id=\"40ab1f78\" data-element_type=\"container\" data-e-type=\"container\" data-settings=\"{&quot;background_background&quot;:&quot;classic&quot;,&quot;jet_parallax_layout_list&quot;:[]}\">\n\t\t\t\t\t<div class=\"e-con-inner\">\n\t\t\t\t\t<\/div>\n\t\t\t\t<\/div>\n\t\t<div class=\"elementor-element elementor-element-546ef899 e-flex e-con-boxed e-con e-parent\" data-id=\"546ef899\" data-element_type=\"container\" data-e-type=\"container\" data-settings=\"{&quot;jet_parallax_layout_list&quot;:[],&quot;background_background&quot;:&quot;classic&quot;}\">\n\t\t\t\t\t<div class=\"e-con-inner\">\n\t\t<div class=\"elementor-element elementor-element-2eef595f e-con-full e-flex e-con e-child\" data-id=\"2eef595f\" data-element_type=\"container\" data-e-type=\"container\" data-settings=\"{&quot;jet_parallax_layout_list&quot;:[]}\">\n\t\t<div class=\"elementor-element elementor-element-7ea3644e e-con-full e-flex e-con e-child\" data-id=\"7ea3644e\" data-element_type=\"container\" data-e-type=\"container\" data-settings=\"{&quot;background_background&quot;:&quot;classic&quot;,&quot;jet_parallax_layout_list&quot;:[]}\">\n\t\t\t\t<div class=\"elementor-element elementor-element-10bbee09 elementor-widget elementor-widget-spacer\" data-id=\"10bbee09\" data-element_type=\"widget\" data-e-type=\"widget\" data-widget_type=\"spacer.default\">\n\t\t\t\t<div class=\"elementor-widget-container\">\n\t\t\t\t\t\t\t<div class=\"elementor-spacer\">\n\t\t\t<div class=\"elementor-spacer-inner\"><\/div>\n\t\t<\/div>\n\t\t\t\t\t\t<\/div>\n\t\t\t\t<\/div>\n\t\t\t\t<\/div>\n\t\t\t\t<\/div>\n\t\t<div class=\"elementor-element elementor-element-7d315481 e-con-full e-flex e-con e-child\" data-id=\"7d315481\" data-element_type=\"container\" data-e-type=\"container\" data-settings=\"{&quot;jet_parallax_layout_list&quot;:[]}\">\n\t\t\t\t<div class=\"elementor-element elementor-element-4a6a4aa7 elementor-widget elementor-widget-heading\" data-id=\"4a6a4aa7\" data-element_type=\"widget\" data-e-type=\"widget\" data-widget_type=\"heading.default\">\n\t\t\t\t<div class=\"elementor-widget-container\">\n\t\t\t\t\t<h2 class=\"elementor-heading-title elementor-size-default\">Bienvenue !<\/h2>\t\t\t\t<\/div>\n\t\t\t\t<\/div>\n\t\t\t\t<div class=\"elementor-element elementor-element-712cec elementor-widget elementor-widget-heading\" data-id=\"712cec\" data-element_type=\"widget\" data-e-type=\"widget\" data-widget_type=\"heading.default\">\n\t\t\t\t<div class=\"elementor-widget-container\">\n\t\t\t\t\t<h2 class=\"elementor-heading-title elementor-size-default\">Nolabel<\/h2>\t\t\t\t<\/div>\n\t\t\t\t<\/div>\n\t\t\t\t<div class=\"elementor-element elementor-element-f58e3f6 elementor-widget elementor-widget-heading\" data-id=\"f58e3f6\" data-element_type=\"widget\" data-e-type=\"widget\" data-widget_type=\"heading.default\">\n\t\t\t\t<div class=\"elementor-widget-container\">\n\t\t\t\t\t<h2 class=\"elementor-heading-title elementor-size-default\">Int\u00e9rieur et design<\/h2>\t\t\t\t<\/div>\n\t\t\t\t<\/div>\n\t\t\t\t<div class=\"elementor-element elementor-element-e73521b elementor-widget elementor-widget-text-editor\" data-id=\"e73521b\" data-element_type=\"widget\" data-e-type=\"widget\" data-widget_type=\"text-editor.default\">\n\t\t\t\t<div class=\"elementor-widget-container\">\n\t\t\t\t\t\t\t\t\t<p>Je m'appelle Martin, et avec plus de 30 ans d'exp\u00e9rience en tant qu'architecte d'int\u00e9rieur, j'aime r\u00e9fl\u00e9chir avec vous au design id\u00e9al pour votre int\u00e9rieur. En 2015, j'ai ouvert la boutique de mes r\u00eaves \u00e0 Maastricht : un lieu inspirant o\u00f9 le design scandinave et hollandais s'associe aux meubles de notre propre marque et aux accessoires de jeunes designers. Dans cet espace inspirant, nous aimons cr\u00e9er ensemble l'int\u00e9rieur de vos r\u00eaves. Le jardin urbain unique qui se trouve derri\u00e8re la boutique donne \u00e0 nolabel l'impression d'\u00eatre un v\u00e9ritable salon. J'aime transposer ce sentiment dans votre int\u00e9rieur.<br \/><br \/>Venez prendre un caf\u00e9 et d\u00e9couvrir le concept Nolabel dans notre magasin ou dans le jardin de la ville. A bient\u00f4t !<\/p>\t\t\t\t\t\t\t\t<\/div>\n\t\t\t\t<\/div>\n\t\t\t\t<div class=\"elementor-element elementor-element-3f353db2 elementor-widget elementor-widget-button\" data-id=\"3f353db2\" data-element_type=\"widget\" data-e-type=\"widget\" data-widget_type=\"button.default\">\n\t\t\t\t<div class=\"elementor-widget-container\">\n\t\t\t\t\t\t\t\t\t<div class=\"elementor-button-wrapper\">\n\t\t\t\t\t<a class=\"elementor-button elementor-button-link elementor-size-sm\" href=\"\/fr\/contact\/\">\n\t\t\t\t\t\t<span class=\"elementor-button-content-wrapper\">\n\t\t\t\t\t\t\t\t\t<span class=\"elementor-button-text\">Venez !<\/span>\n\t\t\t\t\t<\/span>\n\t\t\t\t\t<\/a>\n\t\t\t\t<\/div>\n\t\t\t\t\t\t\t\t<\/div>\n\t\t\t\t<\/div>\n\t\t\t\t<\/div>\n\t\t\t\t\t<\/div>\n\t\t\t\t<\/div>\n\t\t<div class=\"elementor-element elementor-element-4a2ef445 e-flex e-con-boxed e-con e-parent\" data-id=\"4a2ef445\" data-element_type=\"container\" data-e-type=\"container\" data-settings=\"{&quot;jet_parallax_layout_list&quot;:[],&quot;background_background&quot;:&quot;classic&quot;}\">\n\t\t\t\t\t<div class=\"e-con-inner\">\n\t\t<div class=\"elementor-element elementor-element-582aa7e6 e-con-full e-flex e-con e-child\" data-id=\"582aa7e6\" data-element_type=\"container\" data-e-type=\"container\" data-settings=\"{&quot;jet_parallax_layout_list&quot;:[]}\">\n\t\t<div class=\"elementor-element elementor-element-432787d6 e-con-full jkit-sticky-element--enabled e-flex jkit-sticky-element-on--down jkit-sticky-position--sticky e-con e-child\" data-id=\"432787d6\" data-element_type=\"container\" data-e-type=\"container\" data-settings=\"{&quot;jkit_sticky_top_position&quot;:{&quot;unit&quot;:&quot;px&quot;,&quot;size&quot;:&quot;50&quot;,&quot;sizes&quot;:[]},&quot;jet_parallax_layout_list&quot;:[],&quot;jkit_sticky_device&quot;:&quot;desktop&quot;}\">\n\t\t\t\t<div class=\"elementor-element elementor-element-5edd8140 elementor-widget elementor-widget-heading\" data-id=\"5edd8140\" data-element_type=\"widget\" data-e-type=\"widget\" data-widget_type=\"heading.default\">\n\t\t\t\t<div class=\"elementor-widget-container\">\n\t\t\t\t\t<h2 class=\"elementor-heading-title elementor-size-default\">FAQ<\/h2>\t\t\t\t<\/div>\n\t\t\t\t<\/div>\n\t\t\t\t<div class=\"elementor-element elementor-element-641a2077 elementor-widget elementor-widget-heading\" data-id=\"641a2077\" data-element_type=\"widget\" data-e-type=\"widget\" data-widget_type=\"heading.default\">\n\t\t\t\t<div class=\"elementor-widget-container\">\n\t\t\t\t\t<h2 class=\"elementor-heading-title elementor-size-default\">Questions fr\u00e9quemment pos\u00e9es<\/h2>\t\t\t\t<\/div>\n\t\t\t\t<\/div>\n\t\t\t\t<div class=\"elementor-element elementor-element-76150ade elementor-widget elementor-widget-text-editor\" data-id=\"76150ade\" data-element_type=\"widget\" data-e-type=\"widget\" data-widget_type=\"text-editor.default\">\n\t\t\t\t<div class=\"elementor-widget-container\">\n\t\t\t\t\t\t\t\t\t<p>Vous vous demandez \u00e0 quoi vous attendre en visitant Nolabel ? Vous trouverez ci-dessous des r\u00e9ponses \u00e0 des questions pratiques concernant notre magasin, notre collection et nos m\u00e9thodes de travail. Vous serez ainsi bien pr\u00e9par\u00e9, que vous cherchiez quelque chose de sp\u00e9cifique ou que vous souhaitiez simplement vous inspirer.<\/p>\t\t\t\t\t\t\t\t<\/div>\n\t\t\t\t<\/div>\n\t\t\t\t<div class=\"elementor-element elementor-element-2dc18f6 elementor-widget elementor-widget-button\" data-id=\"2dc18f6\" data-element_type=\"widget\" data-e-type=\"widget\" data-widget_type=\"button.default\">\n\t\t\t\t<div class=\"elementor-widget-container\">\n\t\t\t\t\t\t\t\t\t<div class=\"elementor-button-wrapper\">\n\t\t\t\t\t<a class=\"elementor-button elementor-button-link elementor-size-sm\" href=\"\/fr\/contact\/\">\n\t\t\t\t\t\t<span class=\"elementor-button-content-wrapper\">\n\t\t\t\t\t\t\t\t\t<span class=\"elementor-button-text\">Autre question ?<\/span>\n\t\t\t\t\t<\/span>\n\t\t\t\t\t<\/a>\n\t\t\t\t<\/div>\n\t\t\t\t\t\t\t\t<\/div>\n\t\t\t\t<\/div>\n\t\t\t\t<\/div>\n\t\t\t\t<\/div>\n\t\t<div class=\"elementor-element elementor-element-3da0284b e-con-full e-flex e-con e-child\" data-id=\"3da0284b\" data-element_type=\"container\" data-e-type=\"container\" data-settings=\"{&quot;jet_parallax_layout_list&quot;:[]}\">\n\t\t<div class=\"elementor-element elementor-element-62302616 e-con-full e-flex e-con e-child\" data-id=\"62302616\" data-element_type=\"container\" data-e-type=\"container\" data-settings=\"{&quot;jet_parallax_layout_list&quot;:[]}\">\n\t\t\t\t<div class=\"elementor-element elementor-element-351dc3a9 elementor-widget elementor-widget-jkit_accordion\" data-id=\"351dc3a9\" data-element_type=\"widget\" data-e-type=\"widget\" data-widget_type=\"jkit_accordion.default\">\n\t\t\t\t<div class=\"elementor-widget-container\">\n\t\t\t\t\t<div  class=\"jeg-elementor-kit jkit-accordion style-default jeg_module___69f3a0b9e3f64\" ><div class=\"card-wrapper expand\">\n                <div class=\"card-header\">\n                    <a href=\"#expand-7cbd7a0\" class=\"card-header-button\" aria-expanded=\"false\" data-target=\"#expand-7cbd7a0\" aria-controls=\"expand-7cbd7a0\">\n                        <span class=\"title\">Quels styles de meubles et d'accessoires puis-je trouver chez Nolabel ?<\/span><div class=\"right-icon-group\">\n                <div class=\"normal-icon\"><i aria-hidden=\"true\" class=\"jki jki-plus-light\"><\/i><\/div>\n                <div class=\"active-icon\"><i aria-hidden=\"true\" class=\"jki jki-minus-light\"><\/i><\/div>\n            <\/div>\n                    <\/a>\n                <\/div>\n                <div class=\"card-expand\" id=\"expand-7cbd7a0\" style=\"display:block\"><div class=\"card-body\"><p>Chez Nolabel, vous trouverez des meubles de marque propre, compl\u00e9t\u00e9s par des accessoires de jeunes designers. Le style est scandinave avec une touche n\u00e9erlandaise : minimaliste, chaleureux et honn\u00eate.<\/p><\/div><\/div>\n            <\/div><div class=\"card-wrapper\">\n                <div class=\"card-header\">\n                    <a href=\"#expand-24b3f9c\" class=\"card-header-button\" aria-expanded=\"false\" data-target=\"#expand-24b3f9c\" aria-controls=\"expand-24b3f9c\">\n                        <span class=\"title\">Puis-je m'inspirer de la d\u00e9coration int\u00e9rieure lors d'une visite ?<\/span><div class=\"right-icon-group\">\n                <div class=\"normal-icon\"><i aria-hidden=\"true\" class=\"jki jki-plus-light\"><\/i><\/div>\n                <div class=\"active-icon\"><i aria-hidden=\"true\" class=\"jki jki-minus-light\"><\/i><\/div>\n            <\/div>\n                    <\/a>\n                <\/div>\n                <div class=\"card-expand\" id=\"expand-24b3f9c\" style=\"display:none\"><div class=\"card-body\"><p>Oui, tout \u00e0 fait. Le magasin est d\u00e9cor\u00e9 comme un salon, avec diff\u00e9rents si\u00e8ges et un magnifique jardin de ville. Tout est pr\u00e9sent\u00e9 de mani\u00e8re \u00e0 ce que vous ayez imm\u00e9diatement des id\u00e9es pour votre propre maison.<\/p><\/div><\/div>\n            <\/div><div class=\"card-wrapper\">\n                <div class=\"card-header\">\n                    <a href=\"#expand-c26b47e\" class=\"card-header-button\" aria-expanded=\"false\" data-target=\"#expand-c26b47e\" aria-controls=\"expand-c26b47e\">\n                        <span class=\"title\">Qui m'aidera si je souhaite obtenir des conseils sur mes int\u00e9rieurs ?<\/span><div class=\"right-icon-group\">\n                <div class=\"normal-icon\"><i aria-hidden=\"true\" class=\"jki jki-plus-light\"><\/i><\/div>\n                <div class=\"active-icon\"><i aria-hidden=\"true\" class=\"jki jki-minus-light\"><\/i><\/div>\n            <\/div>\n                    <\/a>\n                <\/div>\n                <div class=\"card-expand\" id=\"expand-c26b47e\" style=\"display:none\"><div class=\"card-body\"><p class=\"p1\">Martin, le propri\u00e9taire de Nolabel, avec plus de 30 ans d'exp\u00e9rience. Martin est pr\u00e9sent presque tous les jours pour vous donner des conseils personnalis\u00e9s.<\/p><\/div><\/div>\n            <\/div><div class=\"card-wrapper\">\n                <div class=\"card-header\">\n                    <a href=\"#expand-b02e36a\" class=\"card-header-button\" aria-expanded=\"false\" data-target=\"#expand-b02e36a\" aria-controls=\"expand-b02e36a\">\n                        <span class=\"title\">O\u00f9 se trouve exactement Nolabel \u00e0 Maastricht ?<\/span><div class=\"right-icon-group\">\n                <div class=\"normal-icon\"><i aria-hidden=\"true\" class=\"jki jki-plus-light\"><\/i><\/div>\n                <div class=\"active-icon\"><i aria-hidden=\"true\" class=\"jki jki-minus-light\"><\/i><\/div>\n            <\/div>\n                    <\/a>\n                <\/div>\n                <div class=\"card-expand\" id=\"expand-b02e36a\" style=\"display:none\"><div class=\"card-body\"><p>Nolabel se trouve dans la Minckelersstraat 10, en plein centre de Maastricht, entre Vrijthof et Onze Lieve Vrouweplein.<\/p><\/div><\/div>\n            <\/div><div class=\"card-wrapper\">\n                <div class=\"card-header\">\n                    <a href=\"#expand-b1bdf13\" class=\"card-header-button\" aria-expanded=\"false\" data-target=\"#expand-b1bdf13\" aria-controls=\"expand-b1bdf13\">\n                        <span class=\"title\">Qu'est-ce qui diff\u00e9rencie une visite chez Nolabel des autres magasins d'ameublement ?<\/span><div class=\"right-icon-group\">\n                <div class=\"normal-icon\"><i aria-hidden=\"true\" class=\"jki jki-plus-light\"><\/i><\/div>\n                <div class=\"active-icon\"><i aria-hidden=\"true\" class=\"jki jki-minus-light\"><\/i><\/div>\n            <\/div>\n                    <\/a>\n                <\/div>\n                <div class=\"card-expand\" id=\"expand-b1bdf13\" style=\"display:none\"><div class=\"card-body\"><p>L'atmosph\u00e8re est conviviale et accessible. Vous pouvez regarder tranquillement autour de vous, vous asseoir dans un coin salon ou dans le jardin de la ville et b\u00e9n\u00e9ficier d'une attention personnelle sans \u00eatre sollicit\u00e9 par des vendeurs.<\/p><\/div><\/div>\n            <\/div><\/div>\t\t\t\t<\/div>\n\t\t\t\t<\/div>\n\t\t\t\t<\/div>\n\t\t\t\t<\/div>\n\t\t\t\t\t<\/div>\n\t\t\t\t<\/div>\n\t\t\t\t<\/div>","protected":false},"excerpt":{"rendered":"<p>Welkom! Nolabel Interieur &amp; Ontwerp Ik ben Martin, en met ruim 30 jaar ervaring als interieurontwerper denk ik graag mee over het ideale ontwerp voor jouw interieur. In 2015 opende ik mijn droomwinkel in Maastricht: een inspirerende plek waar Scandinavisch-Nederlandse design samenkomt met meubels van ons eigen label en accessoires van jonge ontwerpers. In deze [&hellip;]<\/p>\n","protected":false},"author":1,"featured_media":0,"parent":0,"menu_order":0,"comment_status":"closed","ping_status":"closed","template":"","meta":{"footnotes":""},"class_list":["post-471","page","type-page","status-publish","hentry"],"_links":{"self":[{"href":"https:\/\/nolabel.nu\/fr\/wp-json\/wp\/v2\/pages\/471","targetHints":{"allow":["GET"]}}],"collection":[{"href":"https:\/\/nolabel.nu\/fr\/wp-json\/wp\/v2\/pages"}],"about":[{"href":"https:\/\/nolabel.nu\/fr\/wp-json\/wp\/v2\/types\/page"}],"author":[{"embeddable":true,"href":"https:\/\/nolabel.nu\/fr\/wp-json\/wp\/v2\/users\/1"}],"replies":[{"embeddable":true,"href":"https:\/\/nolabel.nu\/fr\/wp-json\/wp\/v2\/comments?post=471"}],"version-history":[{"count":49,"href":"https:\/\/nolabel.nu\/fr\/wp-json\/wp\/v2\/pages\/471\/revisions"}],"predecessor-version":[{"id":1054,"href":"https:\/\/nolabel.nu\/fr\/wp-json\/wp\/v2\/pages\/471\/revisions\/1054"}],"wp:attachment":[{"href":"https:\/\/nolabel.nu\/fr\/wp-json\/wp\/v2\/media?parent=471"}],"curies":[{"name":"wp","href":"https:\/\/api.w.org\/{rel}","templated":true}]}}